{"id":1214,"date":"2018-09-17T10:27:53","date_gmt":"2018-09-17T07:27:53","guid":{"rendered":"https:\/\/www.sik.fi\/?page_id=1214"},"modified":"2026-01-29T20:48:59","modified_gmt":"2026-01-29T18:48:59","slug":"old-guild-boards","status":"publish","type":"page","link":"https:\/\/www.sik.fi\/?page_id=1214&lang=en","title":{"rendered":"Old guild boards"},"content":{"rendered":"<p>Translations:<\/p>\n<p><b>Puheenjohtaja = Chairman<\/b><\/p>\n<p><strong>vpj. = Vice chairman<\/strong><\/p>\n<p><b>Sihteeri = Secratary<\/b><\/p>\n<p><b>Rahastonhoitaja = Treasurer<\/b><\/p>\n<p><b>Fuksivastaava = Freshman Representative<br \/><\/b><\/p>\n<p><strong>Teekkarivastaava = Culture Representative<br \/><\/strong><\/p>\n<p><b>Opintovastaava = Study Representative<strong><br \/><\/strong><\/b><\/p>\n<p><b>Tiedotusvastaava = Communications Representative<strong><br \/><\/strong><\/b><\/p>\n<p><b>Kiltamestari = Guild Master<\/b><\/p>\n<p><b>Excursiomestari = Excursion Master<\/b><\/p>\n<p><b>Kuningasjuottaja = Electronics Club Representative<br \/><\/b><\/p>\n<p><b>Suhdevastaava =\u00a0<strong>Public Relations Representative<br \/><\/strong><\/b><\/p>\n<p><b>Kopiokonevastaava =\u00a0<strong>Person in charge of the printer (old board position)<\/strong><\/b><\/p>\n<p><b>hovimestari =\u00a0<strong>The Butler (old board position)<\/strong><\/b><\/p>\n<p><b>Ulkovastaava =\u00a0<strong>Person in charge of outside things (old board position)<\/strong><\/b><\/p>\n<p><b>Ulkovastaava =\u00a0<strong>Person in charge of inside things (old board position)<\/strong><\/b><\/p>\n<p><strong>Vapaa-ajan vastaava = Leisure coordinator<\/strong><\/p>\n<table width=\"413\">\n<tbody>\n<tr>\n<td>\n<h2><strong>Board of 2025<\/strong><\/h2>\n<\/td>\n<td>\u00a0<\/td>\n<\/tr>\n<tr>\n<td>Chairman<\/td>\n<td>Frans H\u00e4rk\u00f6nen<\/td>\n<\/tr>\n<tr>\n<td>Secretary<\/td>\n<td>Iiris Pelkonen<\/td>\n<\/tr>\n<tr>\n<td>Treasurer<\/td>\n<td>Elisa Palola<\/td>\n<\/tr>\n<tr>\n<td>Freshman Representative<\/td>\n<td>Matti Damski<\/td>\n<\/tr>\n<tr>\n<td>Culture Representative<\/td>\n<td>Iida Hotti<\/td>\n<\/tr>\n<tr>\n<td>Study Representative<\/td>\n<td>Joel Kesti<\/td>\n<\/tr>\n<tr>\n<td>Communications Representative + vice chairman<\/td>\n<td>Juho T\u00f6rm\u00e4nen<\/td>\n<\/tr>\n<tr>\n<td>Guild Master<\/td>\n<td>Markus Holma<\/td>\n<\/tr>\n<tr>\n<td>Excursion Master<\/td>\n<td>Janne Kilponen<\/td>\n<\/tr>\n<tr>\n<td>Electronics Club Representative<\/td>\n<td>Jan \u00c4\u00e4rel\u00e4<\/td>\n<\/tr>\n<tr>\n<td>Public Relations Representative<\/td>\n<td>Joona M\u00e4kil\u00e4<\/td>\n<\/tr>\n<\/tbody>\n<\/table>\n<table width=\"413\">\n<tbody>\n<tr>\n<td>\n<h2><strong>Board of 2024<\/strong><\/h2>\n<\/td>\n<td>\u00a0<\/td>\n<\/tr>\n<tr>\n<td>Chairman<\/td>\n<td>Santeri Kissa (prev. Lev\u00e4inen)<\/td>\n<\/tr>\n<tr>\n<td>Secretary<\/td>\n<td>Saku R\u00e4is\u00e4nen<\/td>\n<\/tr>\n<tr>\n<td>Treasurer<\/td>\n<td>Jaakko Koskela<\/td>\n<\/tr>\n<tr>\n<td>Freshman Representative<\/td>\n<td>Joel Kesti<\/td>\n<\/tr>\n<tr>\n<td>Culture Representative<\/td>\n<td>Jan \u00c4\u00e4rel\u00e4<\/td>\n<\/tr>\n<tr>\n<td>Study Representative + vice chairman<\/td>\n<td>Anders Nikula<\/td>\n<\/tr>\n<tr>\n<td>Communications Representative<\/td>\n<td>Frans H\u00e4rk\u00f6nen<\/td>\n<\/tr>\n<tr>\n<td>Guild Master<\/td>\n<td>Juho T\u00f6rm\u00e4nen<\/td>\n<\/tr>\n<tr>\n<td>Excursion Master<\/td>\n<td>Matti Damski<\/td>\n<\/tr>\n<tr>\n<td>Electronics Club Representative<\/td>\n<td>Matias Hasa<\/td>\n<\/tr>\n<tr>\n<td>Public Relations Representative<\/td>\n<td>Jake Vuoti<\/td>\n<\/tr>\n<\/tbody>\n<\/table>\n<table width=\"413\">\n<tbody>\n<tr>\n<td>\n<h2><strong>Board of 2023<\/strong><\/h2>\n<\/td>\n<td>\u00a0<\/td>\n<\/tr>\n<tr>\n<td>Chairman<\/td>\n<td>Santeri Lev\u00e4inen<\/td>\n<\/tr>\n<tr>\n<td>Secretary<\/td>\n<td>Carla Kleemola<\/td>\n<\/tr>\n<tr>\n<td>Treasurer<\/td>\n<td>Jan \u00c4\u00e4rel\u00e4<\/td>\n<\/tr>\n<tr>\n<td>Freshman Representative<\/td>\n<td>Frans H\u00e4rk\u00f6nen<\/td>\n<\/tr>\n<tr>\n<td>Culture Representative<\/td>\n<td>Miika Kainuharju<\/td>\n<\/tr>\n<tr>\n<td>Study Representative<\/td>\n<td>Matias Hasa<\/td>\n<\/tr>\n<tr>\n<td>Communications Representative<\/td>\n<td>Viivi Korpela<\/td>\n<\/tr>\n<tr>\n<td>Guild Master<\/td>\n<td>Jaakko Koskela<\/td>\n<\/tr>\n<tr>\n<td>Excursion Master<\/td>\n<td>Jarno Huotari<\/td>\n<\/tr>\n<tr>\n<td>Electronics Club Representative + vice chairman<\/td>\n<td>Elina Mannermaa<\/td>\n<\/tr>\n<tr>\n<td>Public Relations Representative<\/td>\n<td>Anders Nikula<\/td>\n<\/tr>\n<\/tbody>\n<\/table>\n<table width=\"413\">\n<tbody>\n<tr>\n<td>\n<h2><strong>Board of 2022<\/strong><\/h2>\n<\/td>\n<td>\u00a0<\/td>\n<\/tr>\n<tr>\n<td>Chairman<\/td>\n<td>Janne Kilponen<\/td>\n<\/tr>\n<tr>\n<td>Secretary<\/td>\n<td>Carla Kleemola<\/td>\n<\/tr>\n<tr>\n<td>Treasurer<\/td>\n<td>Jialiang Sun<\/td>\n<\/tr>\n<tr>\n<td>Freshman Representative<\/td>\n<td>Santeri Lev\u00e4inen<\/td>\n<\/tr>\n<tr>\n<td>Culture Representative<\/td>\n<td>Elina Mannermaa<\/td>\n<\/tr>\n<tr>\n<td>Study Representative<\/td>\n<td>Elmo Pakaslahti<\/td>\n<\/tr>\n<tr>\n<td>Communications Representative + vice chairman<\/td>\n<td>Jaakko Koskela<\/td>\n<\/tr>\n<tr>\n<td>Guild Master<\/td>\n<td>Eetu Viiri<\/td>\n<\/tr>\n<tr>\n<td>Excursion Master<\/td>\n<td>Matias Hasa<\/td>\n<\/tr>\n<tr>\n<td>Electronics Club Representative<\/td>\n<td>Aleksi Pirttimaa<\/td>\n<\/tr>\n<tr>\n<td>Public Relations Representative<\/td>\n<td>Anders Nikula<\/td>\n<\/tr>\n<\/tbody>\n<\/table>\n<table style=\"height: 360px;\" width=\"413\">\n<tbody>\n<tr>\n<td>\n<h2><strong>Board of 2021<\/strong><\/h2>\n<\/td>\n<td>\u00a0<\/td>\n<\/tr>\n<tr>\n<td>Chairman<\/td>\n<td>Aleksi Pesonen<\/td>\n<\/tr>\n<tr>\n<td>Secretary<\/td>\n<td>Vilma Wik<\/td>\n<\/tr>\n<tr>\n<td>Treasurer<\/td>\n<td>Kale Koivunotko<\/td>\n<\/tr>\n<tr>\n<td>Freshman Representative<\/td>\n<td>Waltteri Alatalo<\/td>\n<\/tr>\n<tr>\n<td>Culture Representative<\/td>\n<td>Matias Hasa<\/td>\n<\/tr>\n<tr>\n<td>Study Representative<\/td>\n<td>Mikko Kalliainen<\/td>\n<\/tr>\n<tr>\n<td>Communications Representative<\/td>\n<td>Risto Korhonen<\/td>\n<\/tr>\n<tr>\n<td>Guild Master<\/td>\n<td>Aleksi Uusitalo<\/td>\n<\/tr>\n<tr>\n<td>Excursion Master<\/td>\n<td>Elmo Pakaslahti<\/td>\n<\/tr>\n<tr>\n<td>Electronics Club Representative<\/td>\n<td>Elina Mannermaa<\/td>\n<\/tr>\n<tr>\n<td>Public Relations Representative<\/td>\n<td>Enni Marjamaa<\/td>\n<\/tr>\n<\/tbody>\n<\/table>\n<table width=\"600px\">\n<tbody>\n<tr style=\"height: 357px;\">\n<td style=\"height: 357px;\">\n<table style=\"height: 360px;\" width=\"413\">\n<tbody>\n<tr>\n<td>\n<h2><strong>Board of 2020<\/strong><\/h2>\n<\/td>\n<td>\u00a0<\/td>\n<\/tr>\n<tr>\n<td>Chairman<\/td>\n<td>Eero Sankila<\/td>\n<\/tr>\n<tr>\n<td>Secretary<\/td>\n<td>Enni Marjamaa<\/td>\n<\/tr>\n<tr>\n<td>Treasurer<\/td>\n<td>Aleksi Pesonen<\/td>\n<\/tr>\n<tr>\n<td>Freshman Representative<\/td>\n<td>Anniina Roininen<\/td>\n<\/tr>\n<tr>\n<td>Culture Representative<\/td>\n<td>Oskari M\u00e4ki<\/td>\n<\/tr>\n<tr>\n<td>Study Representative<\/td>\n<td>Mikko Kalliainen<\/td>\n<\/tr>\n<tr>\n<td>Communications Representative<\/td>\n<td>Vili Matila<\/td>\n<\/tr>\n<tr>\n<td>Guild Master<\/td>\n<td>Ville Posio<\/td>\n<\/tr>\n<tr>\n<td>Excursion Master<\/td>\n<td>Kalle Laurila<\/td>\n<\/tr>\n<tr>\n<td>Electronics Club Representative<\/td>\n<td>Risto Korhonen<\/td>\n<\/tr>\n<tr>\n<td>Public Relations Representative<\/td>\n<td>Joonas Huhtala<\/td>\n<\/tr>\n<\/tbody>\n<\/table>\n<table width=\"600px\">\n<tbody>\n<tr style=\"height: 357px;\">\n<td style=\"height: 357px;\">\n<table style=\"width: 410px; height: 662px;\">\n<tbody>\n<tr style=\"height: 39px;\">\n<td style=\"height: 39px; width: 140.1px;\">\n<h2><strong>Board of 2019<\/strong><\/h2>\n<\/td>\n<td style=\"height: 39px; width: 151.9px;\">\u00a0<\/td>\n<\/tr>\n<tr style=\"height: 15px;\">\n<td style=\"height: 15px; width: 140.1px;\">Chairman<\/td>\n<td style=\"height: 15px; width: 151.9px;\">Ilmari Nousiainen<\/td>\n<\/tr>\n<tr style=\"height: 15px;\">\n<td style=\"height: 15px; width: 140.1px;\">Secretary<\/td>\n<td style=\"height: 15px; width: 151.9px;\">Anniina Roininen<\/td>\n<\/tr>\n<tr style=\"height: 15px;\">\n<td style=\"height: 15px; width: 140.1px;\">Treasurer<\/td>\n<td style=\"height: 15px; width: 151.9px;\">Joonas Patana<\/td>\n<\/tr>\n<tr style=\"height: 15px;\">\n<td style=\"height: 15px; width: 140.1px;\">Freshman Representative<\/td>\n<td style=\"height: 15px; width: 151.9px;\">Janne Kilponen<\/td>\n<\/tr>\n<tr style=\"height: 14.35px;\">\n<td style=\"height: 14.35px; width: 140.1px;\">Culture Representative<\/td>\n<td style=\"height: 14.35px; width: 151.9px;\">Mikael Niemi<\/td>\n<\/tr>\n<tr style=\"height: 15px;\">\n<td style=\"height: 15px; width: 140.1px;\">Study Representative<\/td>\n<td style=\"height: 15px; width: 151.9px;\">Eero Sankila<\/td>\n<\/tr>\n<tr style=\"height: 15px;\">\n<td style=\"height: 15px; width: 140.1px;\">Communications Representative<\/td>\n<td style=\"height: 15px; width: 151.9px;\">Jonna Siirtola<\/td>\n<\/tr>\n<tr style=\"height: 15px;\">\n<td style=\"height: 15px; width: 140.1px;\">Guild Master<\/td>\n<td style=\"height: 15px; width: 151.9px;\">Samu L\u00e4hdesm\u00e4ki<\/td>\n<\/tr>\n<tr style=\"height: 15px;\">\n<td style=\"height: 15px; width: 140.1px;\">Excursion Master<\/td>\n<td style=\"height: 15px; width: 151.9px;\">Ville Tapola<\/td>\n<\/tr>\n<tr style=\"height: 17px;\">\n<td style=\"height: 17px; width: 140.1px;\">Electronics Club Representative<\/td>\n<td style=\"height: 17px; width: 151.9px;\">Juuso Tolonen<\/td>\n<\/tr>\n<tr style=\"height: 15px;\">\n<td style=\"height: 15px; width: 140.1px;\">Public Relations Representative<\/td>\n<td style=\"height: 15px; width: 151.9px;\">Kristian Kotaniemi<\/td>\n<\/tr>\n<\/tbody>\n<\/table>\n<\/td>\n<td style=\"height: 357px;\">\u00a0<\/td>\n<\/tr>\n<\/tbody>\n<\/table>\n<table width=\"600px\">\n<tbody>\n<tr style=\"height: 357px;\">\n<td style=\"height: 357px;\">\n<table style=\"width: 415px; height: 655px;\">\n<tbody>\n<tr style=\"height: 39px;\">\n<td style=\"height: 39px; width: 140.1px;\">\n<h2>Board of 2018<\/h2>\n<\/td>\n<td style=\"height: 39px; width: 151.9px;\">\u00a0<\/td>\n<\/tr>\n<tr style=\"height: 15px;\">\n<td style=\"height: 15px; width: 140.1px;\">Chairman<\/td>\n<td style=\"height: 15px; width: 151.9px;\">Johannes Pakanen<\/td>\n<\/tr>\n<tr style=\"height: 15px;\">\n<td style=\"height: 15px; width: 140.1px;\">Secretary<\/td>\n<td style=\"height: 15px; width: 151.9px;\">Malla Laiti<\/td>\n<\/tr>\n<tr style=\"height: 15px;\">\n<td style=\"height: 15px; width: 140.1px;\">Treasurer<\/td>\n<td style=\"height: 15px; width: 151.9px;\">Noora Lind<\/td>\n<\/tr>\n<tr style=\"height: 15px;\">\n<td style=\"height: 15px; width: 140.1px;\">Freshman Representative<\/td>\n<td style=\"height: 15px; width: 151.9px;\">Ilmari Nousiainen<\/td>\n<\/tr>\n<tr style=\"height: 14.35px;\">\n<td style=\"height: 14.35px; width: 140.1px;\">Culture Representative<\/td>\n<td style=\"height: 14.35px; width: 151.9px;\">Janne Kilponen<\/td>\n<\/tr>\n<tr style=\"height: 15px;\">\n<td style=\"height: 15px; width: 140.1px;\">Study Representative<\/td>\n<td style=\"height: 15px; width: 151.9px;\">Annika Hintsala<\/td>\n<\/tr>\n<tr style=\"height: 15px;\">\n<td style=\"height: 15px; width: 140.1px;\">Communications Representative<\/td>\n<td style=\"height: 15px; width: 151.9px;\">Simo Sulanne<\/td>\n<\/tr>\n<tr style=\"height: 15px;\">\n<td style=\"height: 15px; width: 140.1px;\">Guild Master<\/td>\n<td style=\"height: 15px; width: 151.9px;\">Ville Tapola<\/td>\n<\/tr>\n<tr style=\"height: 15px;\">\n<td style=\"height: 15px; width: 140.1px;\">Excursion Master<\/td>\n<td style=\"height: 15px; width: 151.9px;\">Matti Kaijansaari<\/td>\n<\/tr>\n<tr style=\"height: 17px;\">\n<td style=\"height: 17px; width: 140.1px;\">Electronics Club Representative<\/td>\n<td style=\"height: 17px; width: 151.9px;\">Joonas Patana<\/td>\n<\/tr>\n<tr style=\"height: 15px;\">\n<td style=\"height: 15px; width: 140.1px;\">Public Relations Representative<\/td>\n<td style=\"height: 15px; width: 151.9px;\">Kristian Kotaniemi<\/td>\n<\/tr>\n<\/tbody>\n<\/table>\n<\/td>\n<td style=\"height: 357px;\">\u00a0<\/td>\n<\/tr>\n<\/tbody>\n<\/table>\n<table width=\"600px\">\n<tbody>\n<tr style=\"height: 357px;\">\n<td style=\"height: 357px;\">\n<table style=\"width: 415px; height: 655px;\">\n<tbody>\n<tr style=\"height: 39px;\">\n<td style=\"height: 39px; width: 140.1px;\">\n<h2>Board of 2017<\/h2>\n<\/td>\n<td style=\"height: 39px; width: 151.9px;\">\u00a0<\/td>\n<\/tr>\n<tr style=\"height: 15px;\">\n<td style=\"height: 15px; width: 140.1px;\">Chairman<\/td>\n<td style=\"height: 15px; width: 151.9px;\">Mitja K\u00e4rki<\/td>\n<\/tr>\n<tr style=\"height: 15px;\">\n<td style=\"height: 15px; width: 140.1px;\">Secretary<\/td>\n<td style=\"height: 15px; width: 151.9px;\">Simo Salonen<\/td>\n<\/tr>\n<tr style=\"height: 15px;\">\n<td style=\"height: 15px; width: 140.1px;\">Treasurer<\/td>\n<td style=\"height: 15px; width: 151.9px;\">Johannes Pakanen<\/td>\n<\/tr>\n<tr style=\"height: 15px;\">\n<td style=\"height: 15px; width: 140.1px;\">Freshman Representative<\/td>\n<td style=\"height: 15px; width: 151.9px;\">Heikki Vuopio<\/td>\n<\/tr>\n<tr style=\"height: 14.35px;\">\n<td style=\"height: 14.35px; width: 140.1px;\">Culture Representative<\/td>\n<td style=\"height: 14.35px; width: 151.9px;\">Jore Rautava<\/td>\n<\/tr>\n<tr style=\"height: 15px;\">\n<td style=\"height: 15px; width: 140.1px;\">Study Representative<\/td>\n<td style=\"height: 15px; width: 151.9px;\">Antti Rytilahti<\/td>\n<\/tr>\n<tr style=\"height: 15px;\">\n<td style=\"height: 15px; width: 140.1px;\">Communications Representative<\/td>\n<td style=\"height: 15px; width: 151.9px;\">Pauli Kaikkonen<\/td>\n<\/tr>\n<tr style=\"height: 15px;\">\n<td style=\"height: 15px; width: 140.1px;\">Guild Master<\/td>\n<td style=\"height: 15px; width: 151.9px;\">Juho Lahdenper\u00e4<\/td>\n<\/tr>\n<tr style=\"height: 15px;\">\n<td style=\"height: 15px; width: 140.1px;\">Excursion Master<\/td>\n<td style=\"height: 15px; width: 151.9px;\">Mika M\u00e4enp\u00e4\u00e4<\/td>\n<\/tr>\n<tr style=\"height: 17px;\">\n<td style=\"height: 17px; width: 140.1px;\">Electronics Club Representative<\/td>\n<td style=\"height: 17px; width: 151.9px;\">Janne Mustaniemi<\/td>\n<\/tr>\n<tr style=\"height: 15px;\">\n<td style=\"height: 15px; width: 140.1px;\">Public Relations Representative<\/td>\n<td style=\"height: 15px; width: 151.9px;\">Markus Junttila<\/td>\n<\/tr>\n<\/tbody>\n<\/table>\n<\/td>\n<td style=\"height: 357px;\">\u00a0<\/td>\n<\/tr>\n<\/tbody>\n<\/table>\n<table width=\"600px\">\n<tbody>\n<tr style=\"height: 357px;\">\n<td style=\"height: 357px;\">\n<table style=\"width: 415px; height: 655px;\">\n<tbody>\n<tr style=\"height: 39px;\">\n<td style=\"height: 39px; width: 140.1px;\">\n<h2>Board of<\/h2>\n<h2>2016<\/h2>\n<\/td>\n<td style=\"height: 39px; width: 151.9px;\">\u00a0<\/td>\n<\/tr>\n<tr style=\"height: 15px;\">\n<td style=\"height: 15px; width: 140.1px;\"><b>Puheenjohtaja<\/b><\/td>\n<td style=\"height: 15px; width: 151.9px;\">Lauri L\u00e4ms\u00e4<\/td>\n<\/tr>\n<tr style=\"height: 15px;\">\n<td style=\"height: 15px; width: 140.1px;\"><b>Sihteeri<\/b><\/td>\n<td style=\"height: 15px; width: 151.9px;\">Elina Autio<\/td>\n<\/tr>\n<tr style=\"height: 15px;\">\n<td style=\"height: 15px; width: 140.1px;\"><b>Rahastonhoitaja<\/b><\/td>\n<td style=\"height: 15px; width: 151.9px;\">Teemu Liuski<\/td>\n<\/tr>\n<tr style=\"height: 15px;\">\n<td style=\"height: 15px; width: 140.1px;\"><b>Fuksivastaava<\/b><\/td>\n<td style=\"height: 15px; width: 151.9px;\">Eetu Piukkula<\/td>\n<\/tr>\n<tr style=\"height: 14.35px;\">\n<td style=\"height: 14.35px; width: 140.1px;\">Teekkarivastaava<\/td>\n<td style=\"height: 14.35px; width: 151.9px;\">Toni S\u00f6yrinki<\/td>\n<\/tr>\n<tr style=\"height: 15px;\">\n<td style=\"height: 15px; width: 140.1px;\"><b>Opintovastaava<\/b><\/td>\n<td style=\"height: 15px; width: 151.9px;\">Tapio Immonen<\/td>\n<\/tr>\n<tr style=\"height: 15px;\">\n<td style=\"height: 15px; width: 140.1px;\"><b>Tiedotusvastaava<\/b><\/td>\n<td style=\"height: 15px; width: 151.9px;\">Janne &#8217;Pune&#8217; Paakkolanvaara<\/td>\n<\/tr>\n<tr style=\"height: 15px;\">\n<td style=\"height: 15px; width: 140.1px;\"><b>Kiltamestari<\/b><\/td>\n<td style=\"height: 15px; width: 151.9px;\">Ville Savolainen<\/td>\n<\/tr>\n<tr style=\"height: 15px;\">\n<td style=\"height: 15px; width: 140.1px;\"><b>Excursiomestari<br \/><\/b><\/td>\n<td style=\"height: 15px; width: 151.9px;\">Valtteri Lehtisalo<\/td>\n<\/tr>\n<tr style=\"height: 17px;\">\n<td style=\"height: 17px; width: 140.1px;\"><b>Kuningasjuottaja<br \/><\/b><\/td>\n<td style=\"height: 17px; width: 151.9px;\">Petri Lukkarinen<\/td>\n<\/tr>\n<tr style=\"height: 15px;\">\n<td style=\"height: 15px; width: 140.1px;\"><b>Suhdevastaava<\/b><\/td>\n<td style=\"height: 15px; width: 151.9px;\">Mitja K\u00e4rki<\/td>\n<\/tr>\n<\/tbody>\n<\/table>\n<\/td>\n<td style=\"height: 357px;\">\u00a0<\/td>\n<\/tr>\n<\/tbody>\n<\/table>\n<table width=\"600px\">\n<tbody>\n<tr style=\"height: 357px;\">\n<td style=\"height: 357px;\">\n<table style=\"width: 310px;\">\n<tbody>\n<tr style=\"height: 39px;\">\n<td style=\"height: 39px; width: 140.1px;\">\n<h2>Board of<\/h2>\n<h2>2015<\/h2>\n<\/td>\n<td style=\"height: 39px; width: 151.9px;\">\u00a0<\/td>\n<\/tr>\n<tr style=\"height: 15px;\">\n<td style=\"height: 15px; width: 140.1px;\"><b>Puheenjohtaja<\/b><\/td>\n<td style=\"height: 15px; width: 151.9px;\">Lasse J\u00e4rvel\u00e4<\/td>\n<\/tr>\n<tr style=\"height: 15px;\">\n<td style=\"height: 15px; width: 140.1px;\"><b>Sihteeri<\/b><\/td>\n<td style=\"height: 15px; width: 151.9px;\">Antti Lukkari<\/td>\n<\/tr>\n<tr style=\"height: 15px;\">\n<td style=\"height: 15px; width: 140.1px;\"><b>Rahastonhoitaja<\/b><\/td>\n<td style=\"height: 15px; width: 151.9px;\">Jukka Posio<\/td>\n<\/tr>\n<tr style=\"height: 15px;\">\n<td style=\"height: 15px; width: 140.1px;\"><b>Fuksivastaava<\/b><\/td>\n<td style=\"height: 15px; width: 151.9px;\">Tomi Ven\u00e4l\u00e4inen<\/td>\n<\/tr>\n<tr style=\"height: 14.35px;\">\n<td style=\"height: 14.35px; width: 140.1px;\">Teekkarivastaava<\/td>\n<td style=\"height: 14.35px; width: 151.9px;\">Toni S\u00f6yrinki<\/td>\n<\/tr>\n<tr style=\"height: 15px;\">\n<td style=\"height: 15px; width: 140.1px;\"><b>Opintovastaava<\/b><\/td>\n<td style=\"height: 15px; width: 151.9px;\">Heikki Mets\u00e4vainio<\/td>\n<\/tr>\n<tr style=\"height: 15px;\">\n<td style=\"height: 15px; width: 140.1px;\"><b>Tiedotusvastaava<\/b><\/td>\n<td style=\"height: 15px; width: 151.9px;\">Markus Junttila<\/td>\n<\/tr>\n<tr style=\"height: 15px;\">\n<td style=\"height: 15px; width: 140.1px;\"><b>Kiltamestari<\/b><\/td>\n<td style=\"height: 15px; width: 151.9px;\">Janne T\u00f6rm\u00e4l\u00e4 (kev\u00e4t)\n<p>Jore Rautava (syksy)<\/p>\n<\/td>\n<\/tr>\n<tr style=\"height: 15px;\">\n<td style=\"height: 15px; width: 140.1px;\"><b>Excursiomestari, vpj<br \/><\/b><\/td>\n<td style=\"height: 15px; width: 151.9px;\">Lauri L\u00e4ms\u00e4<\/td>\n<\/tr>\n<tr style=\"height: 17px;\">\n<td style=\"height: 17px; width: 140.1px;\"><b>Kuningasjuottaja<br \/><\/b><\/td>\n<td style=\"height: 17px; width: 151.9px;\">Tapio Immonen<\/td>\n<\/tr>\n<tr style=\"height: 15px;\">\n<td style=\"height: 15px; width: 140.1px;\"><b>Suhdevastaava<\/b><\/td>\n<td style=\"height: 15px; width: 151.9px;\">Mikko Kaarlela<\/td>\n<\/tr>\n<\/tbody>\n<\/table>\n<\/td>\n<td style=\"height: 357px;\">\u00a0<\/td>\n<\/tr>\n<tr style=\"height: 13px;\">\n<td style=\"height: 13px;\"><hr \/><\/td>\n<td style=\"height: 13px;\"><hr \/><\/td>\n<\/tr>\n<tr style=\"height: 357px;\">\n<td style=\"height: 357px;\">\n<table style=\"width: 310px;\">\n<tbody>\n<tr style=\"height: 39px;\">\n<td style=\"height: 39px; width: 136.4px;\">\n<h2>Board of<\/h2>\n<h2>2014<\/h2>\n<\/td>\n<td style=\"height: 39px; width: 151.6px;\">\u00a0<\/td>\n<\/tr>\n<tr style=\"height: 15px;\">\n<td style=\"height: 15px; width: 136.4px;\"><b>Puheenjohtaja<\/b><\/td>\n<td style=\"height: 15px; width: 151.6px;\">Lotta Lappetel\u00e4inen<\/td>\n<\/tr>\n<tr style=\"height: 15px;\">\n<td style=\"height: 15px; width: 136.4px;\"><b>Sihteeri<\/b><\/td>\n<td style=\"height: 15px; width: 151.6px;\">Lauri L\u00e4ms\u00e4<\/td>\n<\/tr>\n<tr style=\"height: 15px;\">\n<td style=\"height: 15px; width: 136.4px;\"><b>Rahastonhoitaja<\/b><\/td>\n<td style=\"height: 15px; width: 151.6px;\">Veli-Matti Karhu<\/td>\n<\/tr>\n<tr style=\"height: 15px;\">\n<td style=\"height: 15px; width: 136.4px;\"><b>Fuksivastaava<\/b><\/td>\n<td style=\"height: 15px; width: 151.6px;\">Henri Vehkala<\/td>\n<\/tr>\n<tr style=\"height: 14.5167px;\">\n<td style=\"height: 14.5167px; width: 136.4px;\"><b>Teekkarivastaava<br \/><\/b><\/td>\n<td style=\"height: 14.5167px; width: 151.6px;\">Markku Parkkila (kev\u00e4t)\n<p>Jarno V\u00e4h\u00e4jylkk\u00e4 (syksy)<\/p>\n<\/td>\n<\/tr>\n<tr style=\"height: 15px;\">\n<td style=\"height: 15px; width: 136.4px;\"><b>Opintovastaava<\/b><\/td>\n<td style=\"height: 15px; width: 151.6px;\">Toni S\u00f6yrinki<\/td>\n<\/tr>\n<tr style=\"height: 15px;\">\n<td style=\"height: 15px; width: 136.4px;\"><b>Tiedotusvastaava<\/b><\/td>\n<td style=\"height: 15px; width: 151.6px;\">Heikki Mets\u00e4vainio<\/td>\n<\/tr>\n<tr style=\"height: 15px;\">\n<td style=\"height: 15px; width: 136.4px;\"><b>Kiltamestari<\/b><\/td>\n<td style=\"height: 15px; width: 151.6px;\">Akseli Kurtti<\/td>\n<\/tr>\n<tr style=\"height: 15px;\">\n<td style=\"height: 15px; width: 136.4px;\"><b>Excursiomestari<\/b><\/td>\n<td style=\"height: 15px; width: 151.6px;\">Kalle Ylitalo<\/td>\n<\/tr>\n<tr style=\"height: 17px;\">\n<td style=\"height: 17px; width: 136.4px;\"><b>Kuningasjuottaja, vpj<br \/><\/b><\/td>\n<td style=\"height: 17px; width: 151.6px;\">Lasse J\u00e4rvel\u00e4<\/td>\n<\/tr>\n<tr style=\"height: 15px;\">\n<td style=\"height: 15px; width: 136.4px;\"><b>Suhdevastaava<\/b><\/td>\n<td style=\"height: 15px; width: 151.6px;\">Mikko Kaarlela<\/td>\n<\/tr>\n<\/tbody>\n<\/table>\n<\/td>\n<td style=\"height: 357px;\">\u00a0<a title=\"Naamasto 2014\" href=\"https:\/\/www.sik.fi\/wp-content\/uploads\/2013\/11\/naamasto2014.jpg\" target=\"_blank\" rel=\"noopener noreferrer\"><img loading=\"lazy\" decoding=\"async\" class=\" size-full wp-image-242\" src=\"https:\/\/www.sik.fi\/wp-content\/uploads\/2013\/11\/naamasto2014.jpg\" alt=\"\" width=\"263\" height=\"185\" srcset=\"https:\/\/www.sik.fi\/wp-content\/uploads\/2013\/11\/naamasto2014.jpg 1448w, https:\/\/www.sik.fi\/wp-content\/uploads\/2013\/11\/naamasto2014-300x212.jpg 300w, https:\/\/www.sik.fi\/wp-content\/uploads\/2013\/11\/naamasto2014-768x543.jpg 768w, https:\/\/www.sik.fi\/wp-content\/uploads\/2013\/11\/naamasto2014-1024x724.jpg 1024w, https:\/\/www.sik.fi\/wp-content\/uploads\/2013\/11\/naamasto2014-283x200.jpg 283w\" sizes=\"auto, (max-width: 263px) 100vw, 263px\" \/><\/a><\/td>\n<\/tr>\n<tr style=\"height: 14.0833px;\">\n<td style=\"height: 14.0833px;\">_______________________________________________<\/td>\n<td style=\"height: 14.0833px;\">\u00a0_______________________________________<\/td>\n<\/tr>\n<tr style=\"height: 307px;\">\n<td style=\"height: 307px;\">\n<table>\n<tbody>\n<tr>\n<td>\n<h2>Board of<\/h2>\n<h2>2013<\/h2>\n<\/td>\n<\/tr>\n<tr>\n<td><b>Puheenjohtaja<\/b><\/td>\n<td>Aleksi Kestil\u00e4<\/td>\n<\/tr>\n<tr>\n<td><b>Sihteeri<\/b><\/td>\n<td>Matti Heikkinen<\/td>\n<\/tr>\n<tr>\n<td><b>Rahastonhoitaja<\/b><\/td>\n<td>Niko Tervo<\/td>\n<\/tr>\n<tr>\n<td><b>Fuksivastaava<\/b><\/td>\n<td>Atte Suominen<\/td>\n<\/tr>\n<tr>\n<td><b>Teekkarivastaava, vpj<\/b><\/td>\n<td>Lotta Lappetel\u00e4inen<\/td>\n<\/tr>\n<tr>\n<td><b>Opintovastaava<\/b><\/td>\n<td>Antti Rytilahti<\/td>\n<\/tr>\n<tr>\n<td><b>Tiedotusvastaava<\/b><\/td>\n<td>Tommi Portti<\/td>\n<\/tr>\n<tr>\n<td><b>Kiltamestari<\/b><\/td>\n<td>Markku Parkkila<\/td>\n<\/tr>\n<tr>\n<td><b>Excursiomestari<\/b><\/td>\n<td>Pavel Podenkov<\/td>\n<\/tr>\n<tr>\n<td><b>Kuningasjuottaja<\/b><\/td>\n<td>Lasse J\u00e4rvel\u00e4 (syksy)<br \/>Kari Anunti (kev\u00e4t)<\/td>\n<\/tr>\n<tr>\n<td><b>Suhdevastaava<\/b><\/td>\n<td>Jukka Harvala<\/td>\n<\/tr>\n<\/tbody>\n<\/table>\n<\/td>\n<td style=\"height: 307px;\"><a href=\"https:\/\/www.sik.fi\/wp-content\/uploads\/2013\/11\/naamasto13.jpg\" target=\"_blank\" rel=\"noopener noreferrer\"><img loading=\"lazy\" decoding=\"async\" class=\" alignright size-full wp-image-243\" style=\"float: right;\" src=\"https:\/\/www.sik.fi\/wp-content\/uploads\/2013\/11\/naamasto13.jpg\" alt=\"\" width=\"267\" height=\"196\" border=\"0\" \/><\/a><\/td>\n<\/tr>\n<tr style=\"height: 13px;\">\n<td style=\"height: 13px;\"><hr \/><\/td>\n<td style=\"height: 13px;\"><hr \/><\/td>\n<\/tr>\n<tr style=\"height: 292px;\">\n<td style=\"height: 292px;\">\n<table>\n<tbody>\n<tr>\n<td>\n<h2>Board of<\/h2>\n<h2>2012<\/h2>\n<\/td>\n<\/tr>\n<tr>\n<td><b>Puheenjohtaja<\/b><\/td>\n<td>Lauri K\u00e4renlampi<\/td>\n<\/tr>\n<tr>\n<td><b>Sihteeri<\/b><\/td>\n<td>Jenny Hakola<\/td>\n<\/tr>\n<tr>\n<td><b>Rahastonhoitaja<\/b><\/td>\n<td>Johanna Kostamovaara<\/td>\n<\/tr>\n<tr>\n<td><b>Fuksivastaava<\/b><\/td>\n<td>Lotta Lappetel\u00e4inen<\/td>\n<\/tr>\n<tr>\n<td><b>Teekkarivastaava, vpj<\/b><\/td>\n<td>Aleksi Kestil\u00e4<\/td>\n<\/tr>\n<tr>\n<td><b>Opintovastaava<\/b><\/td>\n<td>Simo Vuokila<\/td>\n<\/tr>\n<tr>\n<td><b>Tiedotusvastaava<\/b><\/td>\n<td>Sofia M\u00e4kikyr\u00f6<\/td>\n<\/tr>\n<tr>\n<td><b>Kiltamestari<\/b><\/td>\n<td>Teemu Aura<\/td>\n<\/tr>\n<tr>\n<td><b>Excursiomestari<\/b><\/td>\n<td>Aapo Korhonen<\/td>\n<\/tr>\n<tr>\n<td><b>Kuningasjuottaja<\/b><\/td>\n<td>Anton Paatelma<\/td>\n<\/tr>\n<tr>\n<td><b>Suhdevastaava<\/b><\/td>\n<td>Niko Tervo<\/td>\n<\/tr>\n<\/tbody>\n<\/table>\n<\/td>\n<td style=\"height: 292px;\"><img loading=\"lazy\" decoding=\"async\" class=\"alignnone size-medium wp-image-686\" src=\"https:\/\/uusi.sik.fi\/wp-content\/uploads\/sivusto\/naamasto12-300x214.jpg\" alt=\"\" width=\"300\" height=\"214\" srcset=\"https:\/\/www.sik.fi\/wp-content\/uploads\/sivusto\/naamasto12-300x214.jpg 300w, https:\/\/www.sik.fi\/wp-content\/uploads\/sivusto\/naamasto12-768x547.jpg 768w, https:\/\/www.sik.fi\/wp-content\/uploads\/sivusto\/naamasto12-281x200.jpg 281w, https:\/\/www.sik.fi\/wp-content\/uploads\/sivusto\/naamasto12.jpg 1012w\" sizes=\"auto, (max-width: 300px) 100vw, 300px\" \/><a href=\"https:\/\/www.sik.fi\/wp-content\/uploads\/sivusto\/naamasto12.jpg\" target=\"_blank\" rel=\"noopener noreferrer\"><img loading=\"lazy\" decoding=\"async\" class=\" alignright size-full wp-image-134\" style=\"float: right;\" src=\"https:\/\/www.sik.fi\/wp-content\/uploads\/sivusto\/naamasto12.jpg\" alt=\"\" width=\"267\" height=\"196\" border=\"0\" \/><\/a><\/td>\n<\/tr>\n<tr style=\"height: 13px;\">\n<td style=\"height: 13px;\"><hr \/><\/td>\n<td style=\"height: 13px;\"><hr \/><\/td>\n<\/tr>\n<tr style=\"height: 339px;\">\n<td style=\"height: 339px;\">\n<table>\n<tbody>\n<tr>\n<td>\n<h2>Board of<\/h2>\n<h2>2011<\/h2>\n<\/td>\n<\/tr>\n<tr>\n<td><b>Puheenjohtaja<\/b><\/td>\n<td>Verneri Kohonen<\/td>\n<\/tr>\n<tr>\n<td><b>Sihteeri<\/b><\/td>\n<td>Lotta Lappetel\u00e4inen (syksy)<br \/>Elina Paaso (kev\u00e4t)<\/td>\n<\/tr>\n<tr>\n<td><b>Rahastonhoitaja<\/b><\/td>\n<td>Johanna Kostamovaara<\/td>\n<\/tr>\n<tr>\n<td><b>Fuksivastaava<\/b><\/td>\n<td>Ville Lehtisalo<\/td>\n<\/tr>\n<tr>\n<td><b>Teekkarivastaava, vpj<\/b><\/td>\n<td>Lauri K\u00e4renlampi<\/td>\n<\/tr>\n<tr>\n<td><b>Opintovastaava<\/b><\/td>\n<td>Juha-Matti Ojakoski<\/td>\n<\/tr>\n<tr>\n<td><b>Tiedotusvastaava<\/b><\/td>\n<td>Santtu T\u00f6yr\u00e4s<\/td>\n<\/tr>\n<tr>\n<td><b>Kiltamestari<\/b><\/td>\n<td>Aleksi Kestil\u00e4<\/td>\n<\/tr>\n<tr>\n<td><b>Excursiomestari<\/b><\/td>\n<td>Jarno V\u00e4h\u00e4jylkk\u00e4<\/td>\n<\/tr>\n<tr>\n<td><b>Kuningasjuottaja<\/b><\/td>\n<td>Joni Myllyniemi<\/td>\n<\/tr>\n<tr>\n<td><b>Suhdevastaava<\/b><\/td>\n<td>Tomi Parkkonen<\/td>\n<\/tr>\n<\/tbody>\n<\/table>\n<\/td>\n<td style=\"height: 339px;\"><img loading=\"lazy\" decoding=\"async\" class=\"alignnone size-medium wp-image-687\" src=\"https:\/\/uusi.sik.fi\/wp-content\/uploads\/sivusto\/naamasto11-300x212.jpg\" alt=\"\" width=\"300\" height=\"212\" srcset=\"https:\/\/www.sik.fi\/wp-content\/uploads\/sivusto\/naamasto11-300x212.jpg 300w, https:\/\/www.sik.fi\/wp-content\/uploads\/sivusto\/naamasto11-768x543.jpg 768w, https:\/\/www.sik.fi\/wp-content\/uploads\/sivusto\/naamasto11-1024x724.jpg 1024w, https:\/\/www.sik.fi\/wp-content\/uploads\/sivusto\/naamasto11-283x200.jpg 283w, https:\/\/www.sik.fi\/wp-content\/uploads\/sivusto\/naamasto11.jpg 1241w\" sizes=\"auto, (max-width: 300px) 100vw, 300px\" \/><a href=\"https:\/\/www.sik.fi\/wp-content\/uploads\/sivusto\/naamasto11.jpg\" target=\"_blank\" rel=\"noopener noreferrer\"><img loading=\"lazy\" decoding=\"async\" class=\" alignright size-full wp-image-135\" style=\"float: right;\" src=\"https:\/\/www.sik.fi\/wp-content\/uploads\/sivusto\/naamasto11.jpg\" alt=\"\" width=\"267\" height=\"196\" border=\"0\" \/><\/a><\/td>\n<\/tr>\n<tr style=\"height: 13px;\">\n<td style=\"height: 13px;\"><hr \/><\/td>\n<td style=\"height: 13px;\"><hr \/><\/td>\n<\/tr>\n<tr style=\"height: 292px;\">\n<td style=\"height: 292px;\">\n<table>\n<tbody>\n<tr>\n<td>\n<h2>Board of<\/h2>\n<h2>2010<\/h2>\n<\/td>\n<\/tr>\n<tr>\n<td><b>Puheenjohtaja<\/b><\/td>\n<td>Matti S\u00e4rkel\u00e4<\/td>\n<\/tr>\n<tr>\n<td><b>Sihteeri<\/b><\/td>\n<td>Tero Marin<\/td>\n<\/tr>\n<tr>\n<td><b>Rahastonhoitaja, vpj<\/b><\/td>\n<td>Marika Hasa<\/td>\n<\/tr>\n<tr>\n<td><b>Fuksivastaava<\/b><\/td>\n<td>Ville Lehtisalo<\/td>\n<\/tr>\n<tr>\n<td><b>Teekkarivastaava<\/b><\/td>\n<td>Matti Harju<\/td>\n<\/tr>\n<tr>\n<td><b>Opintovastaava<\/b><\/td>\n<td>Niko Taipaleenm\u00e4ki<\/td>\n<\/tr>\n<tr>\n<td><b>Tiedotusvastaava<\/b><\/td>\n<td>Santtu T\u00f6yr\u00e4s<\/td>\n<\/tr>\n<tr>\n<td><b>Kiltamestari<\/b><\/td>\n<td>Lauri K\u00e4renlampi<\/td>\n<\/tr>\n<tr>\n<td><b>Excursiomestari<\/b><\/td>\n<td>Verneri Kohonen<\/td>\n<\/tr>\n<tr>\n<td><b>Kuningasjuottaja<\/b><\/td>\n<td>Joni Myllyniemi<\/td>\n<\/tr>\n<tr>\n<td><b>Suhdevastaava<\/b><\/td>\n<td>Tomi Parkkonen<\/td>\n<\/tr>\n<\/tbody>\n<\/table>\n<\/td>\n<td style=\"height: 292px;\"><img loading=\"lazy\" decoding=\"async\" class=\"alignnone size-medium wp-image-688\" src=\"https:\/\/uusi.sik.fi\/wp-content\/uploads\/sivusto\/naamasto10-300x212.jpg\" alt=\"\" width=\"300\" height=\"212\" srcset=\"https:\/\/www.sik.fi\/wp-content\/uploads\/sivusto\/naamasto10-300x212.jpg 300w, https:\/\/www.sik.fi\/wp-content\/uploads\/sivusto\/naamasto10-768x543.jpg 768w, https:\/\/www.sik.fi\/wp-content\/uploads\/sivusto\/naamasto10-1024x724.jpg 1024w, https:\/\/www.sik.fi\/wp-content\/uploads\/sivusto\/naamasto10-283x200.jpg 283w, https:\/\/www.sik.fi\/wp-content\/uploads\/sivusto\/naamasto10.jpg 1116w\" sizes=\"auto, (max-width: 300px) 100vw, 300px\" \/><a href=\"https:\/\/www.sik.fi\/wp-content\/uploads\/sivusto\/naamasto10.jpg\" target=\"_blank\" rel=\"noopener noreferrer\"><img loading=\"lazy\" decoding=\"async\" class=\" alignright size-full wp-image-136\" style=\"float: right;\" src=\"https:\/\/www.sik.fi\/wp-content\/uploads\/sivusto\/naamasto10.jpg\" alt=\"\" width=\"267\" height=\"196\" border=\"0\" \/><\/a><\/td>\n<\/tr>\n<tr style=\"height: 13px;\">\n<td style=\"height: 13px;\"><hr \/><\/td>\n<td style=\"height: 13px;\"><hr \/><\/td>\n<\/tr>\n<tr style=\"height: 292px;\">\n<td style=\"height: 292px;\">\n<table>\n<tbody>\n<tr>\n<td>\n<h2>Board of<\/h2>\n<h2>2009<\/h2>\n<\/td>\n<\/tr>\n<tr>\n<td><b>Puheenjohtaja<\/b><\/td>\n<td>Jarno Sepp\u00e4nen<\/td>\n<\/tr>\n<tr>\n<td><b>Sihteeri<\/b><\/td>\n<td>Marika Hasa<\/td>\n<\/tr>\n<tr>\n<td><b>Rahastonhoitaja<\/b><\/td>\n<td>Arttu Kettunen<\/td>\n<\/tr>\n<tr>\n<td><b>Fuksivastaava<\/b><\/td>\n<td>Matti S\u00e4rkel\u00e4<\/td>\n<\/tr>\n<tr>\n<td><b>Teekkarivastaava, vpj<\/b><\/td>\n<td>Ville brunou<\/td>\n<\/tr>\n<tr>\n<td><b>Opintovastaava<\/b><\/td>\n<td>Jussi S\u00e4rkk\u00e4<\/td>\n<\/tr>\n<tr>\n<td><b>Tiedotusvastaava<\/b><\/td>\n<td>Eemil Tryyki<\/td>\n<\/tr>\n<tr>\n<td><b>Kiltamestari<\/b><\/td>\n<td>Seppo Tikka<\/td>\n<\/tr>\n<tr>\n<td><b>Excursiomestari<\/b><\/td>\n<td>Ville Hernesaho<\/td>\n<\/tr>\n<tr>\n<td><b>Kuningasjuottaja<\/b><\/td>\n<td>Pekka Roivainen<\/td>\n<\/tr>\n<tr>\n<td><b>Suhdevastaava<\/b><\/td>\n<td>Jarno Lohva<\/td>\n<\/tr>\n<\/tbody>\n<\/table>\n<\/td>\n<td style=\"height: 292px;\"><img loading=\"lazy\" decoding=\"async\" class=\"alignnone size-medium wp-image-689\" src=\"https:\/\/uusi.sik.fi\/wp-content\/uploads\/sivusto\/naamasto09-300x221.jpg\" alt=\"\" width=\"300\" height=\"221\" srcset=\"https:\/\/www.sik.fi\/wp-content\/uploads\/sivusto\/naamasto09-300x221.jpg 300w, https:\/\/www.sik.fi\/wp-content\/uploads\/sivusto\/naamasto09-768x565.jpg 768w, https:\/\/www.sik.fi\/wp-content\/uploads\/sivusto\/naamasto09-272x200.jpg 272w, https:\/\/www.sik.fi\/wp-content\/uploads\/sivusto\/naamasto09.jpg 800w\" sizes=\"auto, (max-width: 300px) 100vw, 300px\" \/><a href=\"https:\/\/www.sik.fi\/wp-content\/uploads\/sivusto\/naamasto09.jpg\" target=\"_blank\" rel=\"noopener noreferrer\"><img loading=\"lazy\" decoding=\"async\" class=\" alignright size-full wp-image-137\" style=\"float: right;\" src=\"https:\/\/www.sik.fi\/wp-content\/uploads\/sivusto\/naamasto09.jpg\" alt=\"\" width=\"267\" height=\"196\" border=\"0\" srcset=\"https:\/\/www.sik.fi\/wp-content\/uploads\/sivusto\/naamasto09.jpg 800w, https:\/\/www.sik.fi\/wp-content\/uploads\/sivusto\/naamasto09-300x221.jpg 300w, https:\/\/www.sik.fi\/wp-content\/uploads\/sivusto\/naamasto09-768x565.jpg 768w, https:\/\/www.sik.fi\/wp-content\/uploads\/sivusto\/naamasto09-272x200.jpg 272w\" sizes=\"auto, (max-width: 267px) 100vw, 267px\" \/><\/a><\/td>\n<\/tr>\n<tr style=\"height: 13px;\">\n<td style=\"height: 13px;\"><hr \/><\/td>\n<td style=\"height: 13px;\"><hr \/><\/td>\n<\/tr>\n<tr style=\"height: 292px;\">\n<td style=\"height: 292px;\">\n<table>\n<tbody>\n<tr>\n<td>\n<h2>Board of<\/h2>\n<h2>2008<\/h2>\n<\/td>\n<\/tr>\n<tr>\n<td><b>Puheenjohtaja<\/b><\/td>\n<td>Ilmari Sandelin<\/td>\n<\/tr>\n<tr>\n<td><b>Sihteeri<\/b><\/td>\n<td>Antti-Kalle L\u00e4nsman<\/td>\n<\/tr>\n<tr>\n<td><b>Rahastonhoitaja<\/b><\/td>\n<td>Arttu Kettunen<\/td>\n<\/tr>\n<tr>\n<td><b>Fuksivastaava<\/b><\/td>\n<td>Noora Salminen<\/td>\n<\/tr>\n<tr>\n<td><b>Teekkarivastaava, vpj<\/b><\/td>\n<td>Petteri Aitta<\/td>\n<\/tr>\n<tr>\n<td><b>Opintovastaava<\/b><\/td>\n<td>Sanna Huhtaniska<\/td>\n<\/tr>\n<tr>\n<td><b>Tiedotusvastaava<\/b><\/td>\n<td>Ville Hernesaho<\/td>\n<\/tr>\n<tr>\n<td><b>Kiltamestari<\/b><\/td>\n<td>Ville Brunou<\/td>\n<\/tr>\n<tr>\n<td><b>Excursiomestari<\/b><\/td>\n<td>Jarno Sepp\u00e4nen<\/td>\n<\/tr>\n<tr>\n<td><b>Kuningasjuottaja<\/b><\/td>\n<td>Jani Ylioja<\/td>\n<\/tr>\n<tr>\n<td><b>Suhdevastaava<\/b><\/td>\n<td>Jarno Lohva<\/td>\n<\/tr>\n<\/tbody>\n<\/table>\n<\/td>\n<td style=\"height: 292px;\"><img loading=\"lazy\" decoding=\"async\" class=\"alignnone size-medium wp-image-690\" src=\"https:\/\/uusi.sik.fi\/wp-content\/uploads\/sivusto\/naamasto08-212x300.jpg\" alt=\"\" width=\"212\" height=\"300\" srcset=\"https:\/\/www.sik.fi\/wp-content\/uploads\/sivusto\/naamasto08-212x300.jpg 212w, https:\/\/www.sik.fi\/wp-content\/uploads\/sivusto\/naamasto08-141x200.jpg 141w, https:\/\/www.sik.fi\/wp-content\/uploads\/sivusto\/naamasto08.jpg 620w\" sizes=\"auto, (max-width: 212px) 100vw, 212px\" \/><a href=\"https:\/\/www.sik.fi\/wp-content\/uploads\/sivusto\/naamasto08.jpg\" target=\"_blank\" rel=\"noopener noreferrer\"><img loading=\"lazy\" decoding=\"async\" class=\" alignright size-full wp-image-138\" style=\"float: right;\" src=\"https:\/\/www.sik.fi\/wp-content\/uploads\/sivusto\/naamasto08.jpg\" alt=\"\" width=\"167\" height=\"252\" border=\"0\" \/><\/a><\/td>\n<\/tr>\n<tr style=\"height: 13px;\">\n<td style=\"height: 13px;\"><hr \/><\/td>\n<td style=\"height: 13px;\"><hr \/><\/td>\n<\/tr>\n<tr style=\"height: 329px;\">\n<td style=\"height: 329px;\">\n<table>\n<tbody>\n<tr>\n<td>\n<h2>Board of<\/h2>\n<h2>2007<\/h2>\n<\/td>\n<\/tr>\n<tr>\n<td><b>Puheenjohtaja<\/b><\/td>\n<td>Johanna Saari<\/td>\n<\/tr>\n<tr>\n<td><b>Sihteeri<\/b><\/td>\n<td>Anne-Maria Koljonen<\/td>\n<\/tr>\n<tr>\n<td><b>Rahastonhoitaja<\/b><\/td>\n<td>Tiina Sutinen<\/td>\n<\/tr>\n<tr>\n<td><b>Fuksivastaava<\/b><\/td>\n<td>Eveliina Karvonen<\/td>\n<\/tr>\n<tr>\n<td><b>Teekkarivastaava, vpj<\/b><\/td>\n<td>Ilmari Sandelin<\/td>\n<\/tr>\n<tr>\n<td><b>Opintovastaava<\/b><\/td>\n<td>Reetta Kuonanoja<\/td>\n<\/tr>\n<tr>\n<td><b>Tiedotusvastaava<\/b><\/td>\n<td>Ville Juholin<\/td>\n<\/tr>\n<tr>\n<td><b>Kiltamestari<\/b><\/td>\n<td>Simo Rintakari<br \/>Noora Salminen<\/td>\n<\/tr>\n<tr>\n<td><b>Excursiomestari<\/b><\/td>\n<td>Mikko Koutonen<\/td>\n<\/tr>\n<tr>\n<td><b>Kopiokonevastaava<\/b><\/td>\n<td>Petteri Aitta<\/td>\n<\/tr>\n<tr>\n<td><b>Kuningasjuottaja<\/b><\/td>\n<td>Antero Lehto<\/td>\n<\/tr>\n<tr>\n<td><b>Suhdevastaava<\/b><\/td>\n<td>Oiva Arvola<\/td>\n<\/tr>\n<\/tbody>\n<\/table>\n<\/td>\n<td style=\"height: 329px;\"><img loading=\"lazy\" decoding=\"async\" class=\"alignnone size-medium wp-image-691\" src=\"https:\/\/uusi.sik.fi\/wp-content\/uploads\/sivusto\/naamasto07-300x210.jpg\" alt=\"\" width=\"300\" height=\"210\" srcset=\"https:\/\/www.sik.fi\/wp-content\/uploads\/sivusto\/naamasto07-300x210.jpg 300w, https:\/\/www.sik.fi\/wp-content\/uploads\/sivusto\/naamasto07-768x538.jpg 768w, https:\/\/www.sik.fi\/wp-content\/uploads\/sivusto\/naamasto07-286x200.jpg 286w, https:\/\/www.sik.fi\/wp-content\/uploads\/sivusto\/naamasto07.jpg 1000w\" sizes=\"auto, (max-width: 300px) 100vw, 300px\" \/><a href=\"https:\/\/www.sik.fi\/wp-content\/uploads\/sivusto\/naamasto07.jpg\" target=\"_blank\" rel=\"noopener noreferrer\"><img loading=\"lazy\" decoding=\"async\" class=\" alignright size-full wp-image-139\" style=\"float: right;\" src=\"https:\/\/www.sik.fi\/wp-content\/uploads\/sivusto\/naamasto07.jpg\" alt=\"\" width=\"267\" height=\"196\" border=\"0\" \/><\/a><\/td>\n<\/tr>\n<tr style=\"height: 13px;\">\n<td style=\"height: 13px;\"><hr \/><\/td>\n<td style=\"height: 13px;\"><hr \/><\/td>\n<\/tr>\n<tr style=\"height: 329px;\">\n<td style=\"height: 329px;\">\n<table style=\"font-family: inherit; font-size: inherit;\">\n<tbody>\n<tr>\n<td>\n<h2>Board of<\/h2>\n<h2>2006<\/h2>\n<\/td>\n<\/tr>\n<tr>\n<td><b>Puheenjohtaja<\/b><\/td>\n<td>Tuomas Havela<\/td>\n<\/tr>\n<tr>\n<td><b>Sihteeri<\/b><\/td>\n<td>Marjo Pet\u00e4j\u00e4j\u00e4rvi<\/td>\n<\/tr>\n<tr>\n<td><b>Rahastonhoitaja,vpj<\/b><\/td>\n<td>Antti Jokkala<\/td>\n<\/tr>\n<tr>\n<td><b>Fuksivastaava<\/b><\/td>\n<td>Eveliina Karvonen<\/td>\n<\/tr>\n<tr>\n<td><b>Teekkarivastaava<\/b><\/td>\n<td>Laura Haapaniemi<\/td>\n<\/tr>\n<tr>\n<td><b>Opintovastaava<\/b><\/td>\n<td>Johanna Saari<\/td>\n<\/tr>\n<tr>\n<td><b>Tiedotusvastaava<\/b><\/td>\n<td>Tomi Simula<\/td>\n<\/tr>\n<tr>\n<td><b>Kiltamestari<\/b><\/td>\n<td>Ilari Palsola<\/td>\n<\/tr>\n<tr>\n<td><b>Excursiomestari<\/b><\/td>\n<td>Ilmari Sandelin<\/td>\n<\/tr>\n<tr>\n<td><b>Kopiokonevastaava<\/b><\/td>\n<td>Vlle Juholin<\/td>\n<\/tr>\n<tr>\n<td><b>Kuningasjuottaja<\/b><\/td>\n<td>Antero Lehto<\/td>\n<\/tr>\n<tr>\n<td><b>Suhdevastaava<\/b><\/td>\n<td>Ville Peteri<\/td>\n<\/tr>\n<\/tbody>\n<\/table>\n<\/td>\n<td style=\"height: 329px;\"><img loading=\"lazy\" decoding=\"async\" class=\"alignnone size-medium wp-image-692\" src=\"https:\/\/uusi.sik.fi\/wp-content\/uploads\/sivusto\/naamasto06-300x212.jpg\" alt=\"\" width=\"300\" height=\"212\" srcset=\"https:\/\/www.sik.fi\/wp-content\/uploads\/sivusto\/naamasto06-300x212.jpg 300w, https:\/\/www.sik.fi\/wp-content\/uploads\/sivusto\/naamasto06-768x543.jpg 768w, https:\/\/www.sik.fi\/wp-content\/uploads\/sivusto\/naamasto06-1024x724.jpg 1024w, https:\/\/www.sik.fi\/wp-content\/uploads\/sivusto\/naamasto06-283x200.jpg 283w, https:\/\/www.sik.fi\/wp-content\/uploads\/sivusto\/naamasto06.jpg 1169w\" sizes=\"auto, (max-width: 300px) 100vw, 300px\" \/><a href=\"https:\/\/www.sik.fi\/wp-content\/uploads\/sivusto\/naamasto06.jpg\" target=\"_blank\" rel=\"noopener noreferrer\"><img loading=\"lazy\" decoding=\"async\" class=\" alignright size-full wp-image-140\" style=\"float: right;\" src=\"https:\/\/www.sik.fi\/wp-content\/uploads\/sivusto\/naamasto06.jpg\" alt=\"\" width=\"267\" height=\"196\" border=\"0\" \/><\/a><\/td>\n<\/tr>\n<tr style=\"height: 13px;\">\n<td style=\"height: 13px;\"><hr \/><\/td>\n<td style=\"height: 13px;\"><hr \/><\/td>\n<\/tr>\n<tr style=\"height: 329px;\">\n<td style=\"height: 329px;\">\n<table>\n<tbody>\n<tr>\n<td>\n<h2>Board of<\/h2>\n<h2>2005<\/h2>\n<\/td>\n<\/tr>\n<tr>\n<td><b>Puheenjohtaja<\/b><\/td>\n<td>Juho Suomela<\/td>\n<\/tr>\n<tr>\n<td><b>Sihteeri<\/b><\/td>\n<td>Johanna Saari<\/td>\n<\/tr>\n<tr>\n<td><b>Rahastonhoitaja,vpj<\/b><\/td>\n<td>Heli Pihlajamaa<\/td>\n<\/tr>\n<tr>\n<td><b>Fuksivastaava<\/b><\/td>\n<td>Aleksandr Doubrovitski<\/td>\n<\/tr>\n<tr>\n<td><b>Teekkarivastaava<\/b><\/td>\n<td>Tuomas Turpeenoja<br \/>Matti Laasonen<\/td>\n<\/tr>\n<tr>\n<td><b>Opintovastaava<\/b><\/td>\n<td>Johanna Saari<\/td>\n<\/tr>\n<tr>\n<td><b>Tiedotusvastaava<\/b><\/td>\n<td>Tomi Simula<\/td>\n<\/tr>\n<tr>\n<td><b>Kiltamestari<\/b><\/td>\n<td>Ilari Palsola<\/td>\n<\/tr>\n<tr>\n<td><b>Excursiomestari<\/b><\/td>\n<td>Ilmari Sandelin<\/td>\n<\/tr>\n<tr>\n<td><b>Kopiokonevastaava<\/b><\/td>\n<td>Vlle Juholin<\/td>\n<\/tr>\n<tr>\n<td><b>Kuningasjuottaja<\/b><\/td>\n<td>Antero Lehto<\/td>\n<\/tr>\n<tr>\n<td><b>Suhdevastaava<\/b><\/td>\n<td>Ville Peteri<\/td>\n<\/tr>\n<\/tbody>\n<\/table>\n<\/td>\n<td style=\"height: 329px;\"><img loading=\"lazy\" decoding=\"async\" class=\"alignnone size-medium wp-image-693\" src=\"https:\/\/uusi.sik.fi\/wp-content\/uploads\/sivusto\/naamasto05-300x212.jpg\" alt=\"\" width=\"300\" height=\"212\" srcset=\"https:\/\/www.sik.fi\/wp-content\/uploads\/sivusto\/naamasto05-300x212.jpg 300w, https:\/\/www.sik.fi\/wp-content\/uploads\/sivusto\/naamasto05-768x543.jpg 768w, https:\/\/www.sik.fi\/wp-content\/uploads\/sivusto\/naamasto05-283x200.jpg 283w, https:\/\/www.sik.fi\/wp-content\/uploads\/sivusto\/naamasto05.jpg 950w\" sizes=\"auto, (max-width: 300px) 100vw, 300px\" \/><a href=\"https:\/\/www.sik.fi\/wp-content\/uploads\/sivusto\/naamasto05.jpg\" target=\"_blank\" rel=\"noopener noreferrer\"><img loading=\"lazy\" decoding=\"async\" class=\" alignright size-full wp-image-141\" style=\"float: right;\" src=\"https:\/\/www.sik.fi\/wp-content\/uploads\/sivusto\/naamasto05.jpg\" alt=\"\" width=\"267\" height=\"196\" border=\"0\" \/><\/a><\/td>\n<\/tr>\n<tr style=\"height: 13px;\">\n<td style=\"height: 13px;\"><hr \/><\/td>\n<td style=\"height: 13px;\"><hr \/><\/td>\n<\/tr>\n<tr style=\"height: 329px;\">\n<td style=\"height: 329px;\">\n<table>\n<tbody>\n<tr>\n<td>\n<h2>Board of<\/h2>\n<h2>2004<\/h2>\n<\/td>\n<\/tr>\n<tr>\n<td><b>Puheenjohtaja<\/b><\/td>\n<td>Erno Juntunen<\/td>\n<\/tr>\n<tr>\n<td><b>Sihteeri<\/b><\/td>\n<td>Jarno Seessalmi<\/td>\n<\/tr>\n<tr>\n<td><b>Rahastonhoitaja<\/b><\/td>\n<td>Antti Salo<\/td>\n<\/tr>\n<tr>\n<td><b>Fuksivastaava<\/b><\/td>\n<td>Saila J\u00e4rvinen<\/td>\n<\/tr>\n<tr>\n<td><b>Teekkarivastaava<\/b><\/td>\n<td>Kimmo Ovaska<\/td>\n<\/tr>\n<tr>\n<td><b>Opintovastaava<\/b><\/td>\n<td>Suvi Vakkala<\/td>\n<\/tr>\n<tr>\n<td><b>Tiedotusvastaava<\/b><\/td>\n<td>Heli Pihlajamaa<\/td>\n<\/tr>\n<tr>\n<td><b>Kiltamestari<\/b><\/td>\n<td>Tuomas Turpeenoja<\/td>\n<\/tr>\n<tr>\n<td><b>Excursiomestari<\/b><\/td>\n<td>Juho Suomela<\/td>\n<\/tr>\n<tr>\n<td><b>Kopiokonevastaava<\/b><\/td>\n<td>Matti Limingonoja<br \/>Antti Raappana<\/td>\n<\/tr>\n<tr>\n<td><b>Kuningasjuottaja<\/b><\/td>\n<td>Antti Pohjola<\/td>\n<\/tr>\n<tr>\n<td><b>Hovimestari<\/b><\/td>\n<td>Karri Pehkonen<\/td>\n<\/tr>\n<\/tbody>\n<\/table>\n<\/td>\n<td style=\"height: 329px;\"><img loading=\"lazy\" decoding=\"async\" class=\"alignnone size-medium wp-image-694\" src=\"https:\/\/uusi.sik.fi\/wp-content\/uploads\/sivusto\/naamasto04-225x300.jpg\" alt=\"\" width=\"225\" height=\"300\" srcset=\"https:\/\/www.sik.fi\/wp-content\/uploads\/sivusto\/naamasto04-225x300.jpg 225w, https:\/\/www.sik.fi\/wp-content\/uploads\/sivusto\/naamasto04-150x200.jpg 150w, https:\/\/www.sik.fi\/wp-content\/uploads\/sivusto\/naamasto04.jpg 600w\" sizes=\"auto, (max-width: 225px) 100vw, 225px\" \/><a href=\"https:\/\/www.sik.fi\/wp-content\/uploads\/sivusto\/naamasto04.jpg\" target=\"_blank\" rel=\"noopener noreferrer\"><img loading=\"lazy\" decoding=\"async\" class=\" alignright size-full wp-image-142\" style=\"float: right;\" src=\"https:\/\/www.sik.fi\/wp-content\/uploads\/sivusto\/naamasto04.jpg\" alt=\"\" width=\"167\" height=\"252\" border=\"0\" \/><\/a><\/td>\n<\/tr>\n<tr style=\"height: 13px;\">\n<td style=\"height: 13px;\"><hr \/><\/td>\n<td style=\"height: 13px;\"><hr \/><\/td>\n<\/tr>\n<tr style=\"height: 314px;\">\n<td style=\"height: 314px;\">\n<table>\n<tbody>\n<tr>\n<td>\n<h2>Board of<\/h2>\n<h2>2003<\/h2>\n<\/td>\n<\/tr>\n<tr>\n<td><b>Puheenjohtaja<\/b><\/td>\n<td>Eero L\u00e4nsim\u00e4ki<\/td>\n<\/tr>\n<tr>\n<td><b>Sihteeri<\/b><\/td>\n<td>Erno Juntunen<\/td>\n<\/tr>\n<tr>\n<td><b>Rahastonhoitaja<\/b><\/td>\n<td>Tuukka Ruokamo<\/td>\n<\/tr>\n<tr>\n<td><b>Fuksivastaava<\/b><\/td>\n<td>Jenni Hypp\u00f6l\u00e4<\/td>\n<\/tr>\n<tr>\n<td><b>Teekkarivastaava<\/b><\/td>\n<td>Antti Pekkala<\/td>\n<\/tr>\n<tr>\n<td><b>Opintovastaava<\/b><\/td>\n<td>Kaisa Poikela<\/td>\n<\/tr>\n<tr>\n<td><b>Tiedotusvastaava<\/b><\/td>\n<td>Riina R\u00e4ih\u00e4<\/td>\n<\/tr>\n<tr>\n<td><b>Kiltamestari<\/b><\/td>\n<td>Antti Viitala<\/td>\n<\/tr>\n<tr>\n<td><b>Excursiomestari<\/b><\/td>\n<td>Tuomas Paso<\/td>\n<\/tr>\n<tr>\n<td><b>Kopiokonevastaava<\/b><\/td>\n<td>Ville Tervonen<\/td>\n<\/tr>\n<tr>\n<td><b>Kuningasjuottaja<\/b><\/td>\n<td>Matti Tikanm\u00e4ki<\/td>\n<\/tr>\n<tr>\n<td><b>Hovimestari<\/b><\/td>\n<td>Juha Henner<\/td>\n<\/tr>\n<\/tbody>\n<\/table>\n<\/td>\n<td style=\"height: 314px;\"><img loading=\"lazy\" decoding=\"async\" class=\"alignnone size-medium wp-image-695\" src=\"https:\/\/uusi.sik.fi\/wp-content\/uploads\/sivusto\/naamasto03-218x300.jpg\" alt=\"\" width=\"218\" height=\"300\" srcset=\"https:\/\/www.sik.fi\/wp-content\/uploads\/sivusto\/naamasto03-218x300.jpg 218w, https:\/\/www.sik.fi\/wp-content\/uploads\/sivusto\/naamasto03-146x200.jpg 146w, https:\/\/www.sik.fi\/wp-content\/uploads\/sivusto\/naamasto03.jpg 600w\" sizes=\"auto, (max-width: 218px) 100vw, 218px\" \/><a href=\"https:\/\/www.sik.fi\/wp-content\/uploads\/sivusto\/naamasto03.jpg\" target=\"_blank\" rel=\"noopener noreferrer\"><img loading=\"lazy\" decoding=\"async\" class=\" alignright size-full wp-image-143\" style=\"float: right;\" src=\"https:\/\/www.sik.fi\/wp-content\/uploads\/sivusto\/naamasto03.jpg\" alt=\"\" width=\"167\" height=\"252\" border=\"0\" \/><\/a><\/td>\n<\/tr>\n<tr style=\"height: 13px;\">\n<td style=\"height: 13px;\"><hr \/><\/td>\n<td style=\"height: 13px;\"><hr \/><\/td>\n<\/tr>\n<tr style=\"height: 307px;\">\n<td style=\"height: 307px;\">\n<table>\n<tbody>\n<tr>\n<td>\n<h2>Board of<\/h2>\n<h2>2002<\/h2>\n<\/td>\n<\/tr>\n<tr>\n<td><b>Puheenjohtaja<\/b><\/td>\n<td>Risto Hyypi\u00f6<\/td>\n<\/tr>\n<tr>\n<td><b>Sihteeri<\/b><\/td>\n<td>Jaakko Sakaranaho<\/td>\n<\/tr>\n<tr>\n<td><b>Rahastonhoitaja<\/b><\/td>\n<td>Ville Autio<\/td>\n<\/tr>\n<tr>\n<td><b>Fuksivastaava<\/b><\/td>\n<td>Hanna Haverinen<\/td>\n<\/tr>\n<tr>\n<td><b>Opintovastaava<\/b><\/td>\n<td>Veli-Pekka Alkula<\/td>\n<\/tr>\n<tr>\n<td><b>Tiedotusvastaava<\/b><\/td>\n<td>Eveliina Juntunen<\/td>\n<\/tr>\n<tr>\n<td><b>Kiltamestari<\/b><\/td>\n<td>Eero L\u00e4nsim\u00e4ki<\/td>\n<\/tr>\n<tr>\n<td><b>Excursiomestari<\/b><\/td>\n<td>Mikko Paakkolanvaara<\/td>\n<\/tr>\n<tr>\n<td><b>Kopiokonevastaava<\/b><\/td>\n<td>Mikko Koivula<\/td>\n<\/tr>\n<tr>\n<td><b>Kuningasjuottaja<\/b><\/td>\n<td>Matti Kinnunen<br \/>Matti Tikanm\u00e4ki<\/td>\n<\/tr>\n<tr>\n<td><b>Hovimestari<\/b><\/td>\n<td>Jukka Hautam\u00e4ki<\/td>\n<\/tr>\n<\/tbody>\n<\/table>\n<\/td>\n<td style=\"height: 307px;\"><a href=\"https:\/\/www.sik.fi\/wp-content\/uploads\/sivusto\/naamasto02.jpg\" target=\"_blank\" rel=\"noopener noreferrer\"><img loading=\"lazy\" decoding=\"async\" class=\"alignnone size-medium wp-image-697\" src=\"https:\/\/uusi.sik.fi\/wp-content\/uploads\/sivusto\/naamasto02-213x300.jpg\" alt=\"\" width=\"213\" height=\"300\" srcset=\"https:\/\/www.sik.fi\/wp-content\/uploads\/sivusto\/naamasto02-213x300.jpg 213w, https:\/\/www.sik.fi\/wp-content\/uploads\/sivusto\/naamasto02-142x200.jpg 142w, https:\/\/www.sik.fi\/wp-content\/uploads\/sivusto\/naamasto02.jpg 596w\" sizes=\"auto, (max-width: 213px) 100vw, 213px\" \/><img loading=\"lazy\" decoding=\"async\" class=\" alignright size-full wp-image-144\" style=\"float: right;\" src=\"https:\/\/www.sik.fi\/wp-content\/uploads\/sivusto\/naamasto02.jpg\" alt=\"\" width=\"167\" height=\"252\" border=\"0\" \/><\/a><\/td>\n<\/tr>\n<tr style=\"height: 13px;\">\n<td style=\"height: 13px;\"><hr \/><\/td>\n<td style=\"height: 13px;\"><hr \/><\/td>\n<\/tr>\n<tr style=\"height: 292px;\">\n<td style=\"height: 292px;\">\n<table>\n<tbody>\n<tr>\n<td>\n<h2>Board of<\/h2>\n<h2>2001<\/h2>\n<\/td>\n<\/tr>\n<tr>\n<td><b>Puheenjohtaja<\/b><\/td>\n<td>Antti Ojala<\/td>\n<\/tr>\n<tr>\n<td><b>Sihteeri<\/b><\/td>\n<td>Mikko Paakkolanvaara<\/td>\n<\/tr>\n<tr>\n<td><b>Rahastonhoitaja<\/b><\/td>\n<td>Jenni Savolainen<\/td>\n<\/tr>\n<tr>\n<td><b>Fuksivastaava<\/b><\/td>\n<td>Santtu Kaikkonen<\/td>\n<\/tr>\n<tr>\n<td><b>Opintovastaava<\/b><\/td>\n<td>Johanna Rusila<\/td>\n<\/tr>\n<tr>\n<td><b>Tiedotusvastaava<\/b><\/td>\n<td>Ritva M\u00e4kel\u00e4<\/td>\n<\/tr>\n<tr>\n<td><b>Kiltamestari<\/b><\/td>\n<td>Eero L\u00e4nsim\u00e4ki<\/td>\n<\/tr>\n<tr>\n<td><b>Excursiomestari<\/b><\/td>\n<td>Jaakko Rapeli<\/td>\n<\/tr>\n<tr>\n<td><b>Kopiokonevastaava<\/b><\/td>\n<td>Mikko Koivula<\/td>\n<\/tr>\n<tr>\n<td><b>Kuningasjuottaja, vpj<\/b><\/td>\n<td>Risto Hyypi\u00f6<\/td>\n<\/tr>\n<tr>\n<td><b>Hovimestari<\/b><\/td>\n<td>Jukka Hautam\u00e4ki<\/td>\n<\/tr>\n<\/tbody>\n<\/table>\n<\/td>\n<td style=\"height: 292px;\"><img loading=\"lazy\" decoding=\"async\" class=\"alignnone size-medium wp-image-700\" src=\"https:\/\/uusi.sik.fi\/wp-content\/uploads\/sivusto\/naamasto01-205x300.jpg\" alt=\"\" width=\"205\" height=\"300\" srcset=\"https:\/\/www.sik.fi\/wp-content\/uploads\/sivusto\/naamasto01-205x300.jpg 205w, https:\/\/www.sik.fi\/wp-content\/uploads\/sivusto\/naamasto01-137x200.jpg 137w, https:\/\/www.sik.fi\/wp-content\/uploads\/sivusto\/naamasto01.jpg 564w\" sizes=\"auto, (max-width: 205px) 100vw, 205px\" \/><a href=\"https:\/\/www.sik.fi\/wp-content\/uploads\/sivusto\/naamasto01.jpg\" target=\"_blank\" rel=\"noopener noreferrer\"><img loading=\"lazy\" decoding=\"async\" class=\" alignright size-full wp-image-145\" style=\"float: right;\" src=\"https:\/\/www.sik.fi\/wp-content\/uploads\/sivusto\/naamasto01.jpg\" alt=\"\" width=\"167\" height=\"252\" border=\"0\" \/><\/a><\/td>\n<\/tr>\n<tr style=\"height: 13px;\">\n<td style=\"height: 13px;\"><hr \/><\/td>\n<td style=\"height: 13px;\"><hr \/><\/td>\n<\/tr>\n<tr style=\"height: 314px;\">\n<td style=\"height: 314px;\">\n<table>\n<tbody>\n<tr>\n<td>\n<h2>Board of<\/h2>\n<h2>2000<\/h2>\n<\/td>\n<\/tr>\n<tr>\n<td><b>Puheenjohtaja<\/b><\/td>\n<td>Petra Ollitervo<\/td>\n<\/tr>\n<tr>\n<td><b>Sihteeri<\/b><\/td>\n<td>Antti Ojala<\/td>\n<\/tr>\n<tr>\n<td><b>Rahastonhoitaja<\/b><\/td>\n<td>Pietu Halonen<\/td>\n<\/tr>\n<tr>\n<td><b>Fuksivastaava<\/b><\/td>\n<td>Annemaria Halkola<\/td>\n<\/tr>\n<tr>\n<td><b>Opintovastaava<\/b><\/td>\n<td>Mika Kankainen<\/td>\n<\/tr>\n<tr>\n<td><b>Tiedotusvastaava<\/b><\/td>\n<td>Matti Etel\u00e4per\u00e4<\/td>\n<\/tr>\n<tr>\n<td><b>Kiltamestari<\/b><\/td>\n<td>Mikko Vehkaper\u00e4<\/td>\n<\/tr>\n<tr>\n<td><b>Excursiomestari<\/b><\/td>\n<td>Erkki Harjula<\/td>\n<\/tr>\n<tr>\n<td><b>Kopiokonevastaava<\/b><\/td>\n<td>Teemu Alajoki<\/td>\n<\/tr>\n<tr>\n<td><b>Kuningasjuottaja<\/b><\/td>\n<td>Risto Hyypi\u00f6<\/td>\n<\/tr>\n<tr>\n<td><b>Hovimestari<\/b><\/td>\n<td>Kimmo Ovaska<\/td>\n<\/tr>\n<tr>\n<td><b>Teekkarivastaava<\/b><\/td>\n<td>Kristiina Hietala<\/td>\n<\/tr>\n<\/tbody>\n<\/table>\n<\/td>\n<td style=\"height: 314px;\"><a href=\"https:\/\/www.sik.fi\/wp-content\/uploads\/sivusto\/naamasto00.jpg\" target=\"_blank\" rel=\"noopener noreferrer\"><img loading=\"lazy\" decoding=\"async\" class=\"alignright wp-image-146 size-full\" style=\"float: right;\" src=\"https:\/\/uusi.sik.fi\/wp-content\/uploads\/sivusto\/naamasto00.jpg\" alt=\"\" width=\"1109\" height=\"1608\" border=\"0\" srcset=\"https:\/\/www.sik.fi\/wp-content\/uploads\/sivusto\/naamasto00.jpg 1109w, https:\/\/www.sik.fi\/wp-content\/uploads\/sivusto\/naamasto00-207x300.jpg 207w, https:\/\/www.sik.fi\/wp-content\/uploads\/sivusto\/naamasto00-768x1114.jpg 768w, https:\/\/www.sik.fi\/wp-content\/uploads\/sivusto\/naamasto00-706x1024.jpg 706w, https:\/\/www.sik.fi\/wp-content\/uploads\/sivusto\/naamasto00-138x200.jpg 138w\" sizes=\"auto, (max-width: 1109px) 100vw, 1109px\" \/><\/a><\/td>\n<\/tr>\n<tr style=\"height: 13px;\">\n<td style=\"height: 13px;\"><hr \/><\/td>\n<td style=\"height: 13px;\"><hr \/><\/td>\n<\/tr>\n<tr style=\"height: 292px;\">\n<td style=\"height: 292px;\">\n<table>\n<tbody>\n<tr>\n<td>\n<h2>Board of<\/h2>\n<h2>1999<\/h2>\n<\/td>\n<\/tr>\n<tr>\n<td><b>Puheenjohtaja<\/b><\/td>\n<td>Jani Korhonen<\/td>\n<\/tr>\n<tr>\n<td><b>Sihteeri<\/b><\/td>\n<td>Annemaria Halkola<\/td>\n<\/tr>\n<tr>\n<td><b>Rahastonhoitaja<\/b><\/td>\n<td>Veli-Matti Lastum\u00e4ki<\/td>\n<\/tr>\n<tr>\n<td><b>Fuxivastaava<\/b><\/td>\n<td>Sirpa Lahtela<\/td>\n<\/tr>\n<tr>\n<td><b>Opintovastaava<\/b><\/td>\n<td>Heli Yli-Nikkola<\/td>\n<\/tr>\n<tr>\n<td><b>Tiedotusvastaava<\/b><\/td>\n<td>Petteri Juola<\/td>\n<\/tr>\n<tr>\n<td><b>Kiltamestari<\/b><\/td>\n<td>Jani Vartiainen<\/td>\n<\/tr>\n<tr>\n<td><b>Excumestari<\/b><\/td>\n<td>Tomi Haarala<\/td>\n<\/tr>\n<tr>\n<td><b>Kopiokonevastaava<\/b><\/td>\n<td>Tomi Nylund<\/td>\n<\/tr>\n<tr>\n<td><b>Hovimestari<\/b><\/td>\n<td>Petra Ollitervo<\/td>\n<\/tr>\n<tr>\n<td><b>Teekkarivastaava<\/b><\/td>\n<td>Saija Gr\u00f6nroos<\/td>\n<\/tr>\n<\/tbody>\n<\/table>\n<\/td>\n<td style=\"height: 292px;\">\u00a0<\/td>\n<\/tr>\n<tr style=\"height: 13px;\">\n<td style=\"height: 13px;\"><hr \/><\/td>\n<\/tr>\n<tr style=\"height: 292px;\">\n<td style=\"height: 292px;\">\n<table>\n<tbody>\n<tr>\n<td>\n<h2>Board of<\/h2>\n<h2>1998<\/h2>\n<\/td>\n<\/tr>\n<tr>\n<td><b>Puheenjohtaja<\/b><\/td>\n<td>Pauliina J\u00e4\u00e4skel\u00e4inen<\/td>\n<\/tr>\n<tr>\n<td><b>Sihteeri<\/b><\/td>\n<td>Saija Gr\u00f6nroos<\/td>\n<\/tr>\n<tr>\n<td><b>Rahastonhoitaja<\/b><\/td>\n<td>Timo Remes<\/td>\n<\/tr>\n<tr>\n<td><b>Fuxivastaava<\/b><\/td>\n<td>Petri Kynsilehto<\/td>\n<\/tr>\n<tr>\n<td><b>Opintovastaava<\/b><\/td>\n<td>Harri Pesola<\/td>\n<\/tr>\n<tr>\n<td><b>Tiedotusvastaava<\/b><\/td>\n<td>Kristiina Nuojua<\/td>\n<\/tr>\n<tr>\n<td><b>Kiltamestari<\/b><\/td>\n<td>Jani Korhonen<\/td>\n<\/tr>\n<tr>\n<td><b>Excumestari<\/b><\/td>\n<td>Petteri Juola<\/td>\n<\/tr>\n<tr>\n<td><b>Kopiokonevastaava<\/b><\/td>\n<td>Markus Myllyl\u00e4<\/td>\n<\/tr>\n<tr>\n<td><b>Ulkovastaava<\/b><\/td>\n<td>Sami Niska<\/td>\n<\/tr>\n<tr>\n<td><b>Sis\u00e4vastaava<\/b><\/td>\n<td>Kati Vainio<\/td>\n<\/tr>\n<\/tbody>\n<\/table>\n<\/td>\n<td style=\"height: 292px;\">\u00a0<\/td>\n<\/tr>\n<tr style=\"height: 13px;\">\n<td style=\"height: 13px;\"><hr \/><\/td>\n<\/tr>\n<tr style=\"height: 270px;\">\n<td style=\"height: 270px;\">\n<table>\n<tbody>\n<tr>\n<td>\n<h2>Board of<\/h2>\n<h2>1997<\/h2>\n<\/td>\n<\/tr>\n<tr>\n<td><b>Puheenjohtaja<\/b><\/td>\n<td>Pasi Leip\u00e4l\u00e4<\/td>\n<\/tr>\n<tr>\n<td><b>Sihteeri<\/b><\/td>\n<td>Kati Vainio<\/td>\n<\/tr>\n<tr>\n<td><b>Rahastonhoitaja<\/b><\/td>\n<td>Kaisu M\u00e4kel\u00e4<\/td>\n<\/tr>\n<tr>\n<td><b>Fuxivastaava<\/b><\/td>\n<td>Aino-Kaisa K\u00e4hk\u00f6l\u00e4<\/td>\n<\/tr>\n<tr>\n<td><b>Opintovastaava<\/b><\/td>\n<td>Sanna Heikkinen<\/td>\n<\/tr>\n<tr>\n<td><b>Tiedotusvastaava<\/b><\/td>\n<td>Ilari \u00c4ngeslev\u00e4<\/td>\n<\/tr>\n<tr>\n<td><b>Kiltamestari<\/b><\/td>\n<td>Nonna Kostamo<\/td>\n<\/tr>\n<tr>\n<td><b>Excumestari<\/b><\/td>\n<td>Tomi Virtanen<\/td>\n<\/tr>\n<tr>\n<td><b>Kopiokonevastaava<\/b><\/td>\n<td>Petteri Pahkala<\/td>\n<\/tr>\n<tr>\n<td><b>Ulkovastaava<\/b><\/td>\n<td>Tero Takalo<\/td>\n<\/tr>\n<\/tbody>\n<\/table>\n<\/td>\n<td style=\"height: 270px;\">\u00a0<\/td>\n<\/tr>\n<tr style=\"height: 13px;\">\n<td style=\"height: 13px;\"><hr \/><\/td>\n<\/tr>\n<tr style=\"height: 270px;\">\n<td style=\"height: 270px;\">\n<table>\n<tbody>\n<tr>\n<td>\n<h2>Board of<\/h2>\n<h2>1996<\/h2>\n<\/td>\n<\/tr>\n<tr>\n<td><b>Puheenjohtaja<\/b><\/td>\n<td>Taina Niskanen<\/td>\n<\/tr>\n<tr>\n<td><b>Sihteeri<\/b><\/td>\n<td>Pauliina J\u00e4\u00e4skel\u00e4inen<\/td>\n<\/tr>\n<tr>\n<td><b>Rahastonhoitaja<\/b><\/td>\n<td>Jani Hopia<\/td>\n<\/tr>\n<tr>\n<td><b>Fuxivastaava<\/b><\/td>\n<td>Jarno Valtanen<\/td>\n<\/tr>\n<tr>\n<td><b>Opintovastaava<\/b><\/td>\n<td>Janne Starck<\/td>\n<\/tr>\n<tr>\n<td><b>Tiedotusvastaava<\/b><\/td>\n<td>Kaisu M\u00e4kel\u00e4<\/td>\n<\/tr>\n<tr>\n<td><b>Kiltamestari<\/b><\/td>\n<td>Tero Takalo<\/td>\n<\/tr>\n<tr>\n<td><b>Excumestari<\/b><\/td>\n<td>Heidi Nurmela<\/td>\n<\/tr>\n<tr>\n<td><b>Kopiokonevastaava<\/b><\/td>\n<td>Petteri Pahkala<\/td>\n<\/tr>\n<tr>\n<td><b>Ulkovastaava<\/b><\/td>\n<td>Jari Hein\u00e4nen<\/td>\n<\/tr>\n<\/tbody>\n<\/table>\n<\/td>\n<td style=\"height: 270px;\">\u00a0<\/td>\n<\/tr>\n<\/tbody>\n<\/table>\n<\/td>\n<\/tr>\n<\/tbody>\n<\/table>\n\n\n<p><\/p>\n","protected":false},"excerpt":{"rendered":"<p>Translations: Puheenjohtaja = Chairman vpj. = Vice chairman Sihteeri = Secratary Rahastonhoitaja = Treasurer Fuksivastaava = Freshman Representative Teekkarivastaava = Culture Representative Opintovastaava = Study Representative Tiedotusvastaava = Communications Representative Kiltamestari = Guild Master Excursiomestari = Excursion Master Kuningasjuottaja = Electronics Club Representative Suhdevastaava =\u00a0Public Relations Representative Kopiokonevastaava =\u00a0Person in &hellip;<\/p>\n","protected":false},"author":1,"featured_media":242,"parent":0,"menu_order":5,"comment_status":"closed","ping_status":"open","template":"","meta":{"footnotes":""},"class_list":["post-1214","page","type-page","status-publish","has-post-thumbnail","hentry"],"_links":{"self":[{"href":"https:\/\/www.sik.fi\/index.php?rest_route=\/wp\/v2\/pages\/1214","targetHints":{"allow":["GET"]}}],"collection":[{"href":"https:\/\/www.sik.fi\/index.php?rest_route=\/wp\/v2\/pages"}],"about":[{"href":"https:\/\/www.sik.fi\/index.php?rest_route=\/wp\/v2\/types\/page"}],"author":[{"embeddable":true,"href":"https:\/\/www.sik.fi\/index.php?rest_route=\/wp\/v2\/users\/1"}],"replies":[{"embeddable":true,"href":"https:\/\/www.sik.fi\/index.php?rest_route=%2Fwp%2Fv2%2Fcomments&post=1214"}],"version-history":[{"count":7,"href":"https:\/\/www.sik.fi\/index.php?rest_route=\/wp\/v2\/pages\/1214\/revisions"}],"predecessor-version":[{"id":2748,"href":"https:\/\/www.sik.fi\/index.php?rest_route=\/wp\/v2\/pages\/1214\/revisions\/2748"}],"wp:featuredmedia":[{"embeddable":true,"href":"https:\/\/www.sik.fi\/index.php?rest_route=\/wp\/v2\/media\/242"}],"wp:attachment":[{"href":"https:\/\/www.sik.fi\/index.php?rest_route=%2Fwp%2Fv2%2Fmedia&parent=1214"}],"curies":[{"name":"wp","href":"https:\/\/api.w.org\/{rel}","templated":true}]}}